{"id":1993,"date":"2021-09-17T16:07:38","date_gmt":"2021-09-17T14:07:38","guid":{"rendered":"https:\/\/www.france-media.net\/france-edition-2021\/?page_id=1993"},"modified":"2023-09-28T17:17:20","modified_gmt":"2023-09-28T15:17:20","slug":"mentions-legales","status":"publish","type":"page","link":"https:\/\/www.france-media.net\/france-edition-multimedia\/mentions-legales\/","title":{"rendered":"Mentions l\u00e9gales"},"content":{"rendered":"<div data-colibri-id=\"1993-c1\" class=\"style-1502 style-local-1993-c1 position-relative\">\r\n  <!---->\r\n  <div data-colibri-component=\"section\" data-colibri-id=\"1993-c2\" id=\"custom\" class=\"h-section h-section-global-spacing d-flex align-items-lg-center align-items-md-center align-items-center style-1507 style-local-1993-c2 position-relative\">\r\n    <!---->\r\n    <!---->\r\n    <div class=\"h-section-grid-container h-section-boxed-container\">\r\n      <!---->\r\n      <div data-colibri-id=\"1993-c3\" class=\"h-row-container gutters-row-lg-2 gutters-row-md-2 gutters-row-0 gutters-row-v-lg-2 gutters-row-v-md-2 gutters-row-v-2 style-1508 style-local-1993-c3 position-relative\">\r\n        <!---->\r\n        <div class=\"h-row justify-content-lg-center justify-content-md-center justify-content-center align-items-lg-stretch align-items-md-stretch align-items-stretch gutters-col-lg-2 gutters-col-md-2 gutters-col-0 gutters-col-v-lg-2 gutters-col-v-md-2 gutters-col-v-2\">\r\n          <!---->\r\n          <div class=\"h-column h-column-container d-flex h-col-lg-auto h-col-md-auto h-col-auto style-1509-outer style-local-1993-c4-outer\">\r\n            <div data-colibri-id=\"1993-c4\" class=\"d-flex h-flex-basis h-column__inner h-px-lg-2 h-px-md-2 h-px-2 v-inner-lg-2 v-inner-md-2 v-inner-2 style-1509 style-local-1993-c4 position-relative\">\r\n              <!---->\r\n              <!---->\r\n              <div class=\"w-100 h-y-container h-column__content h-column__v-align flex-basis-100 align-self-lg-start align-self-md-start align-self-start\">\r\n                <!---->\r\n                <div data-colibri-id=\"1993-c5\" class=\"h-text h-text-component style-1510 style-local-1993-c5 position-relative h-element\">\r\n                  <!---->\r\n                  <!---->\r\n                  <div class=\"\">\r\n                    <p>Ce site est \u00e9dit\u00e9 par&nbsp;<strong>France \u00c9dition Multim\u00e9dia &amp; Azur Communications<\/strong>\r\n                      <br>SARL au capital social de 8.000,00 EURO\r\n                      <br>Siege social FRANCE MEDIA situ\u00e9 au 70 avenue Alfred Kastler CS 90014 66028 PERPIGNAN CEDEX\r\n                      <br>\r\n                      <br>France \u00c9dition Multim\u00e9dia\r\n                      <br>T\u00e9l : 04 68 66 94 75\r\n                      <br> Email :&nbsp;\r\n                      <a href=\"mailto:francedit@francedit.com\" style=\"color: rgb(2, 110, 159); font-size: 1em; font-weight: 400; font-family: &quot;Open Sans&quot;;\">contact@francedit.com<\/a>\r\n                      <br>\r\n                      <br>Azur Communications\r\n                      <br>T\u00e9l : 04 68 62 31 62\r\n                      <br> Email :&nbsp;\r\n                      <a href=\"mailto:contact@azur-communications.fr\">contact@azur-communications.fr<\/a>\r\n                      <br>\r\n                      <br>SIRET : 399 003 169 00030\r\n                      <br>Directeur de la publication : St\u00e9phane DACHEZ\r\n                      <br>L\u2019h\u00e9bergeur du site est la Soci\u00e9t\u00e9 OVH, dont le si\u00e8ge social est situ\u00e9 au 2 rue Kellermann \u2013 59100 Roubaix. T\u00e9l\u00e9phone : 09 72 10 10 07<\/p>\r\n                    <p>Conform\u00e9ment aux articles 39 et suivants de la loi n\u00b0 78-17 du 6 janvier 1978 modifi\u00e9e en 2004 relatives \u00e0 l\u2019informatique, aux fichiers et aux libert\u00e9s, toute personne peut obtenir communication et, le cas \u00e9ch\u00e9ant, rectification ou\r\n                      suppression des informations la concernant, en adressant un courriel \u00e0&nbsp;\r\n                      <a href=\"mailto:francedit@francedit.com\" style=\"color: rgb(2, 110, 159); font-size: 1em; font-weight: 400; font-family: &quot;Open Sans&quot;;\">contact@francedit.com<\/a>&nbsp;ou&nbsp;\r\n                      <a href=\"mailto:contact@azur-communications.fr\" style=\"color: rgb(0, 102, 204); font-family: &quot;Open Sans&quot;; font-size: 16px; font-weight: 400;\">contact@azur-communications.fr<\/a>\r\n                    <\/p>\r\n                  <\/div>\r\n                <\/div>\r\n              <\/div>\r\n            <\/div>\r\n          <\/div>\r\n        <\/div>\r\n      <\/div>\r\n    <\/div>\r\n  <\/div>\r\n<\/div>","protected":false},"excerpt":{"rendered":"<p>Ce site est \u00e9dit\u00e9 par&nbsp;France \u00c9dition Multim\u00e9dia &amp; Azur Communications SARL au capital social de 8.000,00 EURO Siege social FRANCE MEDIA situ\u00e9 au 70 avenue Alfred Kastler CS 90014 66028 PERPIGNAN CEDEX France \u00c9dition Multim\u00e9dia T\u00e9l : 04 68 66 94 75 Email :&nbsp; contact@francedit.com Azur Communications T\u00e9l : 04 68 62 31 62 Email [&hellip;]<\/p>\n","protected":false},"author":2,"featured_media":2498,"parent":0,"menu_order":0,"comment_status":"closed","ping_status":"closed","template":"page-templates\/full-width-page.php","meta":{"footnotes":""},"categories":[],"tags":[],"class_list":["post-1993","page","type-page","status-publish","has-post-thumbnail","hentry"],"yoast_head":"<!-- This site is optimized with the Yoast SEO plugin v27.4 - https:\/\/yoast.com\/product\/yoast-seo-wordpress\/ -->\n<title>Mentions l\u00e9gales - France \u00c9dition Multim\u00e9dia<\/title>\n<meta name=\"description\" content=\"Ce site est \u00e9dit\u00e9 par France \u00c9dition Multim\u00e9dia &amp; Azur Communications SARL au capital social de 8.000,00 EUROS\" \/>\n<meta name=\"robots\" content=\"index, follow, max-snippet:-1, max-image-preview:large, max-video-preview:-1\" \/>\n<link rel=\"canonical\" href=\"https:\/\/www.france-media.net\/france-edition-multimedia\/mentions-legales\/\" \/>\n<meta property=\"og:locale\" content=\"fr_FR\" \/>\n<meta property=\"og:type\" content=\"article\" \/>\n<meta property=\"og:title\" content=\"Mentions l\u00e9gales - France \u00c9dition Multim\u00e9dia\" \/>\n<meta property=\"og:description\" content=\"Ce site est \u00e9dit\u00e9 par France \u00c9dition Multim\u00e9dia &amp; Azur Communications SARL au capital social de 8.000,00 EUROS\" \/>\n<meta property=\"og:url\" content=\"https:\/\/www.france-media.net\/france-edition-multimedia\/mentions-legales\/\" \/>\n<meta property=\"og:site_name\" content=\"France \u00c9dition Multim\u00e9dia\" \/>\n<meta property=\"article:publisher\" content=\"https:\/\/www.facebook.com\/francedit.multimedia\" \/>\n<meta property=\"article:modified_time\" content=\"2023-09-28T15:17:20+00:00\" \/>\n<meta property=\"og:image\" content=\"https:\/\/www.france-media.net\/france-edition-multimedia\/wp-content\/uploads\/2022\/09\/contactez_nous6.jpg\" \/>\n\t<meta property=\"og:image:width\" content=\"1024\" \/>\n\t<meta property=\"og:image:height\" content=\"615\" \/>\n\t<meta property=\"og:image:type\" content=\"image\/jpeg\" \/>\n<meta name=\"twitter:card\" content=\"summary_large_image\" \/>\n<meta name=\"twitter:label1\" content=\"Dur\u00e9e de lecture estim\u00e9e\" \/>\n\t<meta name=\"twitter:data1\" content=\"1 minute\" \/>\n<script type=\"application\/ld+json\" class=\"yoast-schema-graph\">{\"@context\":\"https:\\\/\\\/schema.org\",\"@graph\":[{\"@type\":\"WebPage\",\"@id\":\"https:\\\/\\\/www.france-media.net\\\/france-edition-multimedia\\\/mentions-legales\\\/\",\"url\":\"https:\\\/\\\/www.france-media.net\\\/france-edition-multimedia\\\/mentions-legales\\\/\",\"name\":\"Mentions l\u00e9gales - France \u00c9dition Multim\u00e9dia\",\"isPartOf\":{\"@id\":\"https:\\\/\\\/www.france-media.net\\\/france-edition-multimedia\\\/#website\"},\"primaryImageOfPage\":{\"@id\":\"https:\\\/\\\/www.france-media.net\\\/france-edition-multimedia\\\/mentions-legales\\\/#primaryimage\"},\"image\":{\"@id\":\"https:\\\/\\\/www.france-media.net\\\/france-edition-multimedia\\\/mentions-legales\\\/#primaryimage\"},\"thumbnailUrl\":\"https:\\\/\\\/www.france-media.net\\\/france-edition-multimedia\\\/wp-content\\\/uploads\\\/2022\\\/09\\\/contactez_nous6.jpg\",\"datePublished\":\"2021-09-17T14:07:38+00:00\",\"dateModified\":\"2023-09-28T15:17:20+00:00\",\"description\":\"Ce site est \u00e9dit\u00e9 par France \u00c9dition Multim\u00e9dia & Azur Communications SARL au capital social de 8.000,00 EUROS\",\"breadcrumb\":{\"@id\":\"https:\\\/\\\/www.france-media.net\\\/france-edition-multimedia\\\/mentions-legales\\\/#breadcrumb\"},\"inLanguage\":\"fr-FR\",\"potentialAction\":[{\"@type\":\"ReadAction\",\"target\":[\"https:\\\/\\\/www.france-media.net\\\/france-edition-multimedia\\\/mentions-legales\\\/\"]}]},{\"@type\":\"ImageObject\",\"inLanguage\":\"fr-FR\",\"@id\":\"https:\\\/\\\/www.france-media.net\\\/france-edition-multimedia\\\/mentions-legales\\\/#primaryimage\",\"url\":\"https:\\\/\\\/www.france-media.net\\\/france-edition-multimedia\\\/wp-content\\\/uploads\\\/2022\\\/09\\\/contactez_nous6.jpg\",\"contentUrl\":\"https:\\\/\\\/www.france-media.net\\\/france-edition-multimedia\\\/wp-content\\\/uploads\\\/2022\\\/09\\\/contactez_nous6.jpg\",\"width\":1024,\"height\":615},{\"@type\":\"BreadcrumbList\",\"@id\":\"https:\\\/\\\/www.france-media.net\\\/france-edition-multimedia\\\/mentions-legales\\\/#breadcrumb\",\"itemListElement\":[{\"@type\":\"ListItem\",\"position\":1,\"name\":\"Accueil\",\"item\":\"https:\\\/\\\/www.france-media.net\\\/france-edition-multimedia\\\/\"},{\"@type\":\"ListItem\",\"position\":2,\"name\":\"Mentions l\u00e9gales\"}]},{\"@type\":\"WebSite\",\"@id\":\"https:\\\/\\\/www.france-media.net\\\/france-edition-multimedia\\\/#website\",\"url\":\"https:\\\/\\\/www.france-media.net\\\/france-edition-multimedia\\\/\",\"name\":\"France \u00c9dition Multim\u00e9dia\",\"description\":\"France Edition Multim\u00e9dia &amp; Azur Communications\",\"publisher\":{\"@id\":\"https:\\\/\\\/www.france-media.net\\\/france-edition-multimedia\\\/#organization\"},\"potentialAction\":[{\"@type\":\"SearchAction\",\"target\":{\"@type\":\"EntryPoint\",\"urlTemplate\":\"https:\\\/\\\/www.france-media.net\\\/france-edition-multimedia\\\/?s={search_term_string}\"},\"query-input\":{\"@type\":\"PropertyValueSpecification\",\"valueRequired\":true,\"valueName\":\"search_term_string\"}}],\"inLanguage\":\"fr-FR\"},{\"@type\":\"Organization\",\"@id\":\"https:\\\/\\\/www.france-media.net\\\/france-edition-multimedia\\\/#organization\",\"name\":\"France \u00c9dition Multim\u00e9dia\",\"url\":\"https:\\\/\\\/www.france-media.net\\\/france-edition-multimedia\\\/\",\"logo\":{\"@type\":\"ImageObject\",\"inLanguage\":\"fr-FR\",\"@id\":\"https:\\\/\\\/www.france-media.net\\\/france-edition-multimedia\\\/#\\\/schema\\\/logo\\\/image\\\/\",\"url\":\"https:\\\/\\\/www.france-media.net\\\/france-edition-multimedia\\\/wp-content\\\/uploads\\\/2023\\\/09\\\/fem-logo-carre.jpg\",\"contentUrl\":\"https:\\\/\\\/www.france-media.net\\\/france-edition-multimedia\\\/wp-content\\\/uploads\\\/2023\\\/09\\\/fem-logo-carre.jpg\",\"width\":200,\"height\":200,\"caption\":\"France \u00c9dition Multim\u00e9dia\"},\"image\":{\"@id\":\"https:\\\/\\\/www.france-media.net\\\/france-edition-multimedia\\\/#\\\/schema\\\/logo\\\/image\\\/\"},\"sameAs\":[\"https:\\\/\\\/www.facebook.com\\\/francedit.multimedia\",\"https:\\\/\\\/www.linkedin.com\\\/company\\\/france-edition-multimdia\\\/\"]}]}<\/script>\n<!-- \/ Yoast SEO plugin. -->","yoast_head_json":{"title":"Mentions l\u00e9gales - France \u00c9dition Multim\u00e9dia","description":"Ce site est \u00e9dit\u00e9 par France \u00c9dition Multim\u00e9dia & Azur Communications SARL au capital social de 8.000,00 EUROS","robots":{"index":"index","follow":"follow","max-snippet":"max-snippet:-1","max-image-preview":"max-image-preview:large","max-video-preview":"max-video-preview:-1"},"canonical":"https:\/\/www.france-media.net\/france-edition-multimedia\/mentions-legales\/","og_locale":"fr_FR","og_type":"article","og_title":"Mentions l\u00e9gales - France \u00c9dition Multim\u00e9dia","og_description":"Ce site est \u00e9dit\u00e9 par France \u00c9dition Multim\u00e9dia & Azur Communications SARL au capital social de 8.000,00 EUROS","og_url":"https:\/\/www.france-media.net\/france-edition-multimedia\/mentions-legales\/","og_site_name":"France \u00c9dition Multim\u00e9dia","article_publisher":"https:\/\/www.facebook.com\/francedit.multimedia","article_modified_time":"2023-09-28T15:17:20+00:00","og_image":[{"width":1024,"height":615,"url":"https:\/\/www.france-media.net\/france-edition-multimedia\/wp-content\/uploads\/2022\/09\/contactez_nous6.jpg","type":"image\/jpeg"}],"twitter_card":"summary_large_image","twitter_misc":{"Dur\u00e9e de lecture estim\u00e9e":"1 minute"},"schema":{"@context":"https:\/\/schema.org","@graph":[{"@type":"WebPage","@id":"https:\/\/www.france-media.net\/france-edition-multimedia\/mentions-legales\/","url":"https:\/\/www.france-media.net\/france-edition-multimedia\/mentions-legales\/","name":"Mentions l\u00e9gales - France \u00c9dition Multim\u00e9dia","isPartOf":{"@id":"https:\/\/www.france-media.net\/france-edition-multimedia\/#website"},"primaryImageOfPage":{"@id":"https:\/\/www.france-media.net\/france-edition-multimedia\/mentions-legales\/#primaryimage"},"image":{"@id":"https:\/\/www.france-media.net\/france-edition-multimedia\/mentions-legales\/#primaryimage"},"thumbnailUrl":"https:\/\/www.france-media.net\/france-edition-multimedia\/wp-content\/uploads\/2022\/09\/contactez_nous6.jpg","datePublished":"2021-09-17T14:07:38+00:00","dateModified":"2023-09-28T15:17:20+00:00","description":"Ce site est \u00e9dit\u00e9 par France \u00c9dition Multim\u00e9dia & Azur Communications SARL au capital social de 8.000,00 EUROS","breadcrumb":{"@id":"https:\/\/www.france-media.net\/france-edition-multimedia\/mentions-legales\/#breadcrumb"},"inLanguage":"fr-FR","potentialAction":[{"@type":"ReadAction","target":["https:\/\/www.france-media.net\/france-edition-multimedia\/mentions-legales\/"]}]},{"@type":"ImageObject","inLanguage":"fr-FR","@id":"https:\/\/www.france-media.net\/france-edition-multimedia\/mentions-legales\/#primaryimage","url":"https:\/\/www.france-media.net\/france-edition-multimedia\/wp-content\/uploads\/2022\/09\/contactez_nous6.jpg","contentUrl":"https:\/\/www.france-media.net\/france-edition-multimedia\/wp-content\/uploads\/2022\/09\/contactez_nous6.jpg","width":1024,"height":615},{"@type":"BreadcrumbList","@id":"https:\/\/www.france-media.net\/france-edition-multimedia\/mentions-legales\/#breadcrumb","itemListElement":[{"@type":"ListItem","position":1,"name":"Accueil","item":"https:\/\/www.france-media.net\/france-edition-multimedia\/"},{"@type":"ListItem","position":2,"name":"Mentions l\u00e9gales"}]},{"@type":"WebSite","@id":"https:\/\/www.france-media.net\/france-edition-multimedia\/#website","url":"https:\/\/www.france-media.net\/france-edition-multimedia\/","name":"France \u00c9dition Multim\u00e9dia","description":"France Edition Multim\u00e9dia &amp; Azur Communications","publisher":{"@id":"https:\/\/www.france-media.net\/france-edition-multimedia\/#organization"},"potentialAction":[{"@type":"SearchAction","target":{"@type":"EntryPoint","urlTemplate":"https:\/\/www.france-media.net\/france-edition-multimedia\/?s={search_term_string}"},"query-input":{"@type":"PropertyValueSpecification","valueRequired":true,"valueName":"search_term_string"}}],"inLanguage":"fr-FR"},{"@type":"Organization","@id":"https:\/\/www.france-media.net\/france-edition-multimedia\/#organization","name":"France \u00c9dition Multim\u00e9dia","url":"https:\/\/www.france-media.net\/france-edition-multimedia\/","logo":{"@type":"ImageObject","inLanguage":"fr-FR","@id":"https:\/\/www.france-media.net\/france-edition-multimedia\/#\/schema\/logo\/image\/","url":"https:\/\/www.france-media.net\/france-edition-multimedia\/wp-content\/uploads\/2023\/09\/fem-logo-carre.jpg","contentUrl":"https:\/\/www.france-media.net\/france-edition-multimedia\/wp-content\/uploads\/2023\/09\/fem-logo-carre.jpg","width":200,"height":200,"caption":"France \u00c9dition Multim\u00e9dia"},"image":{"@id":"https:\/\/www.france-media.net\/france-edition-multimedia\/#\/schema\/logo\/image\/"},"sameAs":["https:\/\/www.facebook.com\/francedit.multimedia","https:\/\/www.linkedin.com\/company\/france-edition-multimdia\/"]}]}},"_links":{"self":[{"href":"https:\/\/www.france-media.net\/france-edition-multimedia\/wp-json\/wp\/v2\/pages\/1993","targetHints":{"allow":["GET"]}}],"collection":[{"href":"https:\/\/www.france-media.net\/france-edition-multimedia\/wp-json\/wp\/v2\/pages"}],"about":[{"href":"https:\/\/www.france-media.net\/france-edition-multimedia\/wp-json\/wp\/v2\/types\/page"}],"author":[{"embeddable":true,"href":"https:\/\/www.france-media.net\/france-edition-multimedia\/wp-json\/wp\/v2\/users\/2"}],"replies":[{"embeddable":true,"href":"https:\/\/www.france-media.net\/france-edition-multimedia\/wp-json\/wp\/v2\/comments?post=1993"}],"version-history":[{"count":11,"href":"https:\/\/www.france-media.net\/france-edition-multimedia\/wp-json\/wp\/v2\/pages\/1993\/revisions"}],"predecessor-version":[{"id":4503,"href":"https:\/\/www.france-media.net\/france-edition-multimedia\/wp-json\/wp\/v2\/pages\/1993\/revisions\/4503"}],"wp:featuredmedia":[{"embeddable":true,"href":"https:\/\/www.france-media.net\/france-edition-multimedia\/wp-json\/wp\/v2\/media\/2498"}],"wp:attachment":[{"href":"https:\/\/www.france-media.net\/france-edition-multimedia\/wp-json\/wp\/v2\/media?parent=1993"}],"wp:term":[{"taxonomy":"category","embeddable":true,"href":"https:\/\/www.france-media.net\/france-edition-multimedia\/wp-json\/wp\/v2\/categories?post=1993"},{"taxonomy":"post_tag","embeddable":true,"href":"https:\/\/www.france-media.net\/france-edition-multimedia\/wp-json\/wp\/v2\/tags?post=1993"}],"curies":[{"name":"wp","href":"https:\/\/api.w.org\/{rel}","templated":true}]}}